{"id":45,"date":"2024-05-16T15:16:29","date_gmt":"2024-05-16T18:16:29","guid":{"rendered":"https:\/\/www.cels.org.ar\/aula\/?post_type=course&#038;p=45"},"modified":"2024-10-17T12:19:43","modified_gmt":"2024-10-17T15:19:43","slug":"la-salud-es-una-experiencia-social","status":"publish","type":"course","link":"https:\/\/www.cels.org.ar\/aula\/curso\/la-salud-es-una-experiencia-social\/","title":{"rendered":"La salud es una experiencia social"},"content":{"rendered":"\n<h2 class=\"wp-block-heading sensei-content-description\"><strong>La confidencialidad m\u00e9dica y la objeci\u00f3n de conciencia vinculadas a los derechos sexuales y reproductivos<\/strong><\/h2>\n\n\n\n<h3 class=\"wp-block-heading\"><strong>Propuesta formativa<\/strong><\/h3>\n\n\n\n<p>Esta propuesta de formaci\u00f3n est\u00e1 centrada en <strong>dos ejes conceptuales<\/strong> fundamentales para garantizar el acceso a los derechos sexuales y reproductivos y en especial a las interrupciones legales del embarazo: el <strong><em>secreto profesional\/la confidencialidad m\u00e9dica<\/em><\/strong> y la <strong><em>objeci\u00f3n de conciencia<\/em><\/strong>. Est\u00e1 orientada a quienes buscan profundizar sus conocimientos y adquirir herramientas adecuadas para asegurar el acceso a la salud de las personas con capacidad de gestar y para quienes ejercen las defensas penales de las personas criminalizadas por abortos en la regi\u00f3n de Am\u00e9rica Latina y el Caribe.<\/p>\n\n\n\n<p>Sabemos que la realidad en nuestra regi\u00f3n no es uniforme, sobre todo si consideramos que muchos de los pa\u00edses que la integran penalizan de una u otra forma el aborto. Sin embargo, la imposici\u00f3n de restricciones legales sobre la pr\u00e1ctica no reduce la probabilidad de que las personas con capacidad de gestar busquen este servicio de salud.<\/p>\n\n\n\n<p>Esta propuesta es parte de la oferta formativa del <strong>Aula CELS<\/strong>.<\/p>\n\n\n\n<h3 class=\"wp-block-heading\"><strong>Objetivos generales del curso<\/strong><\/h3>\n\n\n\n<ul class=\"wp-block-list\">\n<li>Contribuir a la formaci\u00f3n complementaria de trabajadorxs de la salud que garantizan el acceso a la pr\u00e1ctica en el ejercicio de su profesi\u00f3n y de defensorxs de personas criminalizadas por abortos u emergencias obst\u00e9tricas.<\/li>\n\n\n\n<li>Aportar conocimientos y herramientas que permitan avanzar hacia la consolidaci\u00f3n de los derechos sexuales y reproductivos de las personas con capacidad de gestar en nuestra regi\u00f3n, en l\u00ednea con el cumplimiento de los compromisos internacionales sobre acceso a la salud.<\/li>\n\n\n\n<li>Ofrecer herramientas para fortalecer las intervenciones en los \u00e1mbitos de la salud y del sistema judicial, para garantizar el acceso a los derechos sexuales y reproductivos.<\/li>\n<\/ul>\n\n\n\n<h3 class=\"wp-block-heading\"><strong>Poblaci\u00f3n destinataria<\/strong><\/h3>\n\n\n\n<p>La propuesta est\u00e1 destinada a profesionales de la salud y defensorxs en el \u00e1mbito de los pa\u00edses de Am\u00e9rica Latina y el Caribe que se desempe\u00f1an en el acceso a la salud y la defensa de las personas con capacidad de gestar desde una perspectiva de derechos humanos.<\/p>\n\n\n\n<h3 class=\"wp-block-heading\"><strong>Trayecto formativo y modalidad de cursada<\/strong><\/h3>\n\n\n\n<p>El trayecto de formaci\u00f3n est\u00e1 dise\u00f1ado para que la cursada se desarrolle a lo largo de cinco clases en modalidad virtual y autoadministrada. La estructura se compone de una clase introductoria, 2 m\u00f3dulos de 2 clases cada uno y una evaluaci\u00f3n final. Las clases son consecutivas y de frecuencia sugerida semanal, de manera tal que el trayecto se complete a lo largo de un mes estimativamente.<\/p>\n\n\n\n<h3 class=\"wp-block-heading\"><strong>Objetivos, contenidos y actividades de cada clase\/m\u00f3dulo<\/strong><\/h3>\n\n\n\n<p>Cada clase y\/o m\u00f3dulo presenta objetivos y contenidos espec\u00edficos con herramientas para su abordaje. Los contenidos y actividades de cada clase buscan promover el pensamiento cr\u00edtico en torno a la tem\u00e1tica y fomentar que lxs participantes retroalimenten la formaci\u00f3n vinculada a los ejes abordados.<\/p>\n\n\n\n<p><strong>Ejes de los contenidos:<\/strong> Derecho a la salud. Derechos sexuales y salud reproductiva. Confidencialidad m\u00e9dica. Secreto profesional. Objeci\u00f3n de conciencia.<\/p>\n\n\n<div class=\"sensei-block-wrapper sensei-cta wp-block-sensei-lms-button-take-course\">\n\t\t\t<form method=\"GET\" action=\"https:\/\/www.cels.org.ar\/aula\/mi-aula\/\">\n\t\t\t<input type=\"hidden\" name=\"redirect_to\" value=\"https:\/\/www.cels.org.ar\/aula\/curso\/la-salud-es-una-experiencia-social\/?take_course_sign_in=1\" \/>\n\t\t\t\n<div class=\"wp-block-sensei-lms-button-take-course is-style-default wp-block-sensei-button wp-block-button has-text-align-left\"><button class=\"wp-block-button__link\">Ingresa y activa el curso<\/button><\/div>\n\n\t\t\t<\/form>\n\t\t\t<\/div>\n\n\n\n\n\t\t\t<section class=\"wp-block-sensei-lms-course-outline sensei-block-wrapper  is-style-default\" style=\"\">\n\t\t\t\t\n\t\t\t<section class=\"wp-block-sensei-lms-course-outline-module sensei-collapsible  is-style-default wp-block-sensei-lms-course-outline-module-bordered border-color-primary\" style=\"border-color: rgb(0, 113, 249);\">\n\t\t\t\t<header class=\"wp-block-sensei-lms-course-outline-module__header has-background has-primary-background-color\" style=\"\">\n\t\t\t\t\t<h2 class=\"wp-block-sensei-lms-course-outline-module__title\">Bienvenida<\/h2>\n\t\t\t\t\t<button type=\"button\" class=\"wp-block-sensei-lms-course-outline__arrow sensei-collapsible__toggle\" aria-expanded=\"true\">\n\t\t\t\t\t\t<svg class=\"\"><use href=\"https:\/\/www.cels.org.ar\/aula\/wp-content\/plugins\/sensei-lms\/assets\/dist\/icons\/sensei-sprite.svg?v=4.25.2#sensei-sprite-chevron-up\"><\/use><\/svg>\n\t\t\t\t\t\t<span class=\"screen-reader-text\">Bienvenida<\/span>\n\t\t\t\t\t<\/button><\/header>\n\t\t\t\t\t\n\t\t\t\t<div class=\"wp-block-sensei-lms-collapsible sensei-collapsible__content\">\n\t\t\t\t\t\n\t\t\t\t\t<h3 class=\"wp-block-sensei-lms-course-outline-module__lessons-title\">\n\t\t\t\t\t\tLecciones\n\t\t\t\t\t<\/h3>\n\t\t\t<a href=\"https:\/\/www.cels.org.ar\/aula\/leccion\/introduccion\/\" class=\"wp-block-sensei-lms-course-outline-lesson\" style=\"\">\n\t\t\t\t<svg class=\"wp-block-sensei-lms-course-outline-lesson__status\"><\/svg>\n\t\t\t\t<span>\n\t\t\t\t\tIntroducci\u00f3n\n\t\t\t\t\t\n\t\t\t\t<\/span>\n\t\t\t\t\n\t\t\t\t<svg class=\"wp-block-sensei-lms-course-outline-lesson__chevron\"><use href=\"https:\/\/www.cels.org.ar\/aula\/wp-content\/plugins\/sensei-lms\/assets\/dist\/icons\/sensei-sprite.svg?v=4.25.2#sensei-sprite-chevron-right\"><\/use><\/svg>\n\t\t\t<\/a>\n\t\t\n\t\t\t\t<\/div>\n\t\t\t<\/section>\n\t\t\n\t\t\t<section class=\"wp-block-sensei-lms-course-outline-module sensei-collapsible  is-style-default wp-block-sensei-lms-course-outline-module-bordered border-color-primary\" style=\"border-color: rgb(0, 113, 249);\">\n\t\t\t\t<header class=\"wp-block-sensei-lms-course-outline-module__header has-background has-primary-background-color\" style=\"\">\n\t\t\t\t\t<h2 class=\"wp-block-sensei-lms-course-outline-module__title\">M\u00f3dulo 1: Confidencialidad m\u00e9dica<\/h2>\n\t\t\t\t\t<button type=\"button\" class=\"wp-block-sensei-lms-course-outline__arrow sensei-collapsible__toggle\" aria-expanded=\"true\">\n\t\t\t\t\t\t<svg class=\"\"><use href=\"https:\/\/www.cels.org.ar\/aula\/wp-content\/plugins\/sensei-lms\/assets\/dist\/icons\/sensei-sprite.svg?v=4.25.2#sensei-sprite-chevron-up\"><\/use><\/svg>\n\t\t\t\t\t\t<span class=\"screen-reader-text\">M\u00f3dulo 1: Confidencialidad m\u00e9dica<\/span>\n\t\t\t\t\t<\/button><\/header>\n\t\t\t\t\t\n\t\t\t\t<div class=\"wp-block-sensei-lms-collapsible sensei-collapsible__content\">\n\t\t\t\t\t\n\t\t\t\t\t<h3 class=\"wp-block-sensei-lms-course-outline-module__lessons-title\">\n\t\t\t\t\t\tLecciones\n\t\t\t\t\t<\/h3>\n\t\t\t<a href=\"https:\/\/www.cels.org.ar\/aula\/leccion\/clase-1-por-que-para-quien-y-consecuencias-de-su-vulneracion\/\" class=\"wp-block-sensei-lms-course-outline-lesson\" style=\"\">\n\t\t\t\t<svg class=\"wp-block-sensei-lms-course-outline-lesson__status\"><\/svg>\n\t\t\t\t<span>\n\t\t\t\t\tClase 1. Por qu\u00e9, para qui\u00e9n y consecuencias de su vulneraci\u00f3n\n\t\t\t\t\t\n\t\t\t\t<\/span>\n\t\t\t\t\n\t\t\t\t<svg class=\"wp-block-sensei-lms-course-outline-lesson__chevron\"><use href=\"https:\/\/www.cels.org.ar\/aula\/wp-content\/plugins\/sensei-lms\/assets\/dist\/icons\/sensei-sprite.svg?v=4.25.2#sensei-sprite-chevron-right\"><\/use><\/svg>\n\t\t\t<\/a>\n\t\t\n\t\t\t<a href=\"https:\/\/www.cels.org.ar\/aula\/leccion\/clase-2-marco-legal-y-resolucion-de-casos\/\" class=\"wp-block-sensei-lms-course-outline-lesson\" style=\"\">\n\t\t\t\t<svg class=\"wp-block-sensei-lms-course-outline-lesson__status\"><\/svg>\n\t\t\t\t<span>\n\t\t\t\t\tClase 2. Marco legal y resoluci\u00f3n de casos\n\t\t\t\t\t\n\t\t\t\t<\/span>\n\t\t\t\t\n\t\t\t\t<svg class=\"wp-block-sensei-lms-course-outline-lesson__chevron\"><use href=\"https:\/\/www.cels.org.ar\/aula\/wp-content\/plugins\/sensei-lms\/assets\/dist\/icons\/sensei-sprite.svg?v=4.25.2#sensei-sprite-chevron-right\"><\/use><\/svg>\n\t\t\t<\/a>\n\t\t\n\t\t\t\t<\/div>\n\t\t\t<\/section>\n\t\t\n\t\t\t<section class=\"wp-block-sensei-lms-course-outline-module sensei-collapsible  is-style-default wp-block-sensei-lms-course-outline-module-bordered border-color-primary\" style=\"border-color: rgb(0, 113, 249);\">\n\t\t\t\t<header class=\"wp-block-sensei-lms-course-outline-module__header has-background has-primary-background-color\" style=\"\">\n\t\t\t\t\t<h2 class=\"wp-block-sensei-lms-course-outline-module__title\">M\u00f3dulo 2: Objeci\u00f3n de conciencia<\/h2>\n\t\t\t\t\t<button type=\"button\" class=\"wp-block-sensei-lms-course-outline__arrow sensei-collapsible__toggle\" aria-expanded=\"true\">\n\t\t\t\t\t\t<svg class=\"\"><use href=\"https:\/\/www.cels.org.ar\/aula\/wp-content\/plugins\/sensei-lms\/assets\/dist\/icons\/sensei-sprite.svg?v=4.25.2#sensei-sprite-chevron-up\"><\/use><\/svg>\n\t\t\t\t\t\t<span class=\"screen-reader-text\">M\u00f3dulo 2: Objeci\u00f3n de conciencia<\/span>\n\t\t\t\t\t<\/button><\/header>\n\t\t\t\t\t\n\t\t\t\t<div class=\"wp-block-sensei-lms-collapsible sensei-collapsible__content\">\n\t\t\t\t\t\n\t\t\t\t\t<h3 class=\"wp-block-sensei-lms-course-outline-module__lessons-title\">\n\t\t\t\t\t\tLecciones\n\t\t\t\t\t<\/h3>\n\t\t\t<a href=\"https:\/\/www.cels.org.ar\/aula\/leccion\/clase-3-del-derecho-al-abuso-de-su-rol\/\" class=\"wp-block-sensei-lms-course-outline-lesson\" style=\"\">\n\t\t\t\t<svg class=\"wp-block-sensei-lms-course-outline-lesson__status\"><\/svg>\n\t\t\t\t<span>\n\t\t\t\t\tClase 3. Del derecho al abuso de su rol\n\t\t\t\t\t\n\t\t\t\t<\/span>\n\t\t\t\t\n\t\t\t\t<svg class=\"wp-block-sensei-lms-course-outline-lesson__chevron\"><use href=\"https:\/\/www.cels.org.ar\/aula\/wp-content\/plugins\/sensei-lms\/assets\/dist\/icons\/sensei-sprite.svg?v=4.25.2#sensei-sprite-chevron-right\"><\/use><\/svg>\n\t\t\t<\/a>\n\t\t\n\t\t\t<a href=\"https:\/\/www.cels.org.ar\/aula\/leccion\/clase-4-marco-legal-y-casos-de-estudio\/\" class=\"wp-block-sensei-lms-course-outline-lesson\" style=\"\">\n\t\t\t\t<svg class=\"wp-block-sensei-lms-course-outline-lesson__status\"><\/svg>\n\t\t\t\t<span>\n\t\t\t\t\tClase 4. Marco legal y casos de estudio\n\t\t\t\t\t\n\t\t\t\t<\/span>\n\t\t\t\t\n\t\t\t\t<svg class=\"wp-block-sensei-lms-course-outline-lesson__chevron\"><use href=\"https:\/\/www.cels.org.ar\/aula\/wp-content\/plugins\/sensei-lms\/assets\/dist\/icons\/sensei-sprite.svg?v=4.25.2#sensei-sprite-chevron-right\"><\/use><\/svg>\n\t\t\t<\/a>\n\t\t\n\t\t\t\t<\/div>\n\t\t\t<\/section>\n\t\t\n\t\t\t<section class=\"wp-block-sensei-lms-course-outline-module sensei-collapsible  is-style-default wp-block-sensei-lms-course-outline-module-bordered border-color-primary\" style=\"border-color: rgb(0, 113, 249);\">\n\t\t\t\t<header class=\"wp-block-sensei-lms-course-outline-module__header has-background has-primary-background-color\" style=\"\">\n\t\t\t\t\t<h2 class=\"wp-block-sensei-lms-course-outline-module__title\">Actividades de integraci\u00f3n y cierre<\/h2>\n\t\t\t\t\t<button type=\"button\" class=\"wp-block-sensei-lms-course-outline__arrow sensei-collapsible__toggle\" aria-expanded=\"true\">\n\t\t\t\t\t\t<svg class=\"\"><use href=\"https:\/\/www.cels.org.ar\/aula\/wp-content\/plugins\/sensei-lms\/assets\/dist\/icons\/sensei-sprite.svg?v=4.25.2#sensei-sprite-chevron-up\"><\/use><\/svg>\n\t\t\t\t\t\t<span class=\"screen-reader-text\">Actividades de integraci\u00f3n y cierre<\/span>\n\t\t\t\t\t<\/button><\/header>\n\t\t\t\t\t\n\t\t\t\t<div class=\"wp-block-sensei-lms-collapsible sensei-collapsible__content\">\n\t\t\t\t\t\n\t\t\t\t\t<h3 class=\"wp-block-sensei-lms-course-outline-module__lessons-title\">\n\t\t\t\t\t\tLecciones\n\t\t\t\t\t<\/h3>\n\t\t\t<a href=\"https:\/\/www.cels.org.ar\/aula\/leccion\/evaluacion-final\/\" class=\"wp-block-sensei-lms-course-outline-lesson\" style=\"\">\n\t\t\t\t<svg class=\"wp-block-sensei-lms-course-outline-lesson__status\"><\/svg>\n\t\t\t\t<span>\n\t\t\t\t\tEvaluaci\u00f3n final\n\t\t\t\t\t\n\t\t\t\t<\/span>\n\t\t\t\t\n\t\t\t\t<svg class=\"wp-block-sensei-lms-course-outline-lesson__chevron\"><use href=\"https:\/\/www.cels.org.ar\/aula\/wp-content\/plugins\/sensei-lms\/assets\/dist\/icons\/sensei-sprite.svg?v=4.25.2#sensei-sprite-chevron-right\"><\/use><\/svg>\n\t\t\t<\/a>\n\t\t\n\t\t\t<a href=\"https:\/\/www.cels.org.ar\/aula\/leccion\/encuesta-de-valoracion\/\" class=\"wp-block-sensei-lms-course-outline-lesson\" style=\"\">\n\t\t\t\t<svg class=\"wp-block-sensei-lms-course-outline-lesson__status\"><\/svg>\n\t\t\t\t<span>\n\t\t\t\t\tEncuesta de valoraci\u00f3n\n\t\t\t\t\t\n\t\t\t\t<\/span>\n\t\t\t\t\n\t\t\t\t<svg class=\"wp-block-sensei-lms-course-outline-lesson__chevron\"><use href=\"https:\/\/www.cels.org.ar\/aula\/wp-content\/plugins\/sensei-lms\/assets\/dist\/icons\/sensei-sprite.svg?v=4.25.2#sensei-sprite-chevron-right\"><\/use><\/svg>\n\t\t\t<\/a>\n\t\t\n\t\t\t\t<\/div>\n\t\t\t<\/section>\n\t\t\n\t\t\t<\/section>\n\t\t","protected":false},"excerpt":{"rendered":"<p>La confidencialidad m\u00e9dica y la objeci\u00f3n de conciencia vinculadas a los derechos sexuales y reproductivos<\/p>\n","protected":false},"author":1,"featured_media":445,"template":"","meta":{"_course_prerequisite":0,"_course_featured":"","_sensei_self_enrollment_not_allowed":false,"disable_notification":false,"_open_access":false,"sensei_course_publish_lessons":true,"_course_theme":"wordpress-theme","sensei_course_video_autocomplete":false,"sensei_course_video_autopause":false,"sensei_course_video_required":false,"_course_expiration_type":"no-expiration","_course_expiration_length":1,"_course_expiration_period":"month","_course_expires_on_date":"","_course_start_type":"immediately","_course_starts_on_date":"","sensei_course_audience":"","sensei_course_skill_level":"","footnotes":""},"course-category":[242],"class_list":["post-45","course","type-course","status-publish","has-post-thumbnail","hentry","course-category-atencion","module-actividades-de-integracion-y-cierre","module-bienvenida","module-modulo-1-confidencialidad-medica","module-modulo-2-objecion-de-conciencia","post"],"is_coteacher":false,"_links":{"self":[{"href":"https:\/\/www.cels.org.ar\/aula\/wp-json\/wp\/v2\/courses\/45","targetHints":{"allow":["GET"]}}],"collection":[{"href":"https:\/\/www.cels.org.ar\/aula\/wp-json\/wp\/v2\/courses"}],"about":[{"href":"https:\/\/www.cels.org.ar\/aula\/wp-json\/wp\/v2\/types\/course"}],"author":[{"embeddable":true,"href":"https:\/\/www.cels.org.ar\/aula\/wp-json\/wp\/v2\/users\/1"}],"version-history":[{"count":2,"href":"https:\/\/www.cels.org.ar\/aula\/wp-json\/wp\/v2\/courses\/45\/revisions"}],"predecessor-version":[{"id":384,"href":"https:\/\/www.cels.org.ar\/aula\/wp-json\/wp\/v2\/courses\/45\/revisions\/384"}],"wp:featuredmedia":[{"embeddable":true,"href":"https:\/\/www.cels.org.ar\/aula\/wp-json\/wp\/v2\/media\/445"}],"wp:attachment":[{"href":"https:\/\/www.cels.org.ar\/aula\/wp-json\/wp\/v2\/media?parent=45"}],"wp:term":[{"taxonomy":"course-category","embeddable":true,"href":"https:\/\/www.cels.org.ar\/aula\/wp-json\/wp\/v2\/course-category?post=45"}],"curies":[{"name":"wp","href":"https:\/\/api.w.org\/{rel}","templated":true}]}}